{"id":2373,"date":"2025-03-10T02:45:48","date_gmt":"2025-03-10T01:45:48","guid":{"rendered":"https:\/\/sbbtransport.com\/?post_type=product&#038;p=2373"},"modified":"2025-03-10T20:05:19","modified_gmt":"2025-03-10T19:05:19","slug":"city-and-comuna-13-group-tour","status":"publish","type":"product","link":"https:\/\/sbbtransport.com\/es\/producto\/city-and-comuna-13-group-tour\/","title":{"rendered":"CITY Y COMUNA 13 TOUR GRUPAL"},"content":{"rendered":"<div class=\"product-description\">\n<h2>\ud83c\udfd9\ufe0f Recorrido por la ciudad y la Comuna 13 - Descubre el coraz\u00f3n de Medell\u00edn<\/h2>\n<p><strong>\u23f0 Hora de salida:<\/strong> 9:00 - 9:30 AM (Tiempo de espera para recogerle en el hotel: 5 minutos)<\/p>\n<hr \/>\n<h3>\u2705 Incluido:<\/h3>\n<h4>\ud83d\udccd Paradas y actividades<\/h4>\n<ul>\n<li>\ud83d\uddff <strong>Plaza Botero:<\/strong> Sede de las famosas esculturas de Fernando Botero.<\/li>\n<li>\ud83c\udf06 <strong>Vistas panor\u00e1micas de la ciudad:<\/strong> Disfrute de unas vistas impresionantes de Medell\u00edn.<\/li>\n<li>\ud83c\udfdb\ufe0f <strong>Centro de Medell\u00edn:<\/strong> Explore el centro hist\u00f3rico y cultural.<\/li>\n<li>\ud83d\udca1 <strong>Parque de las Luces:<\/strong> Una transformaci\u00f3n simb\u00f3lica del espacio urbano de Medell\u00edn.<\/li>\n<li>\ud83c\udfe2 <strong>Centro Administrativo de La Alpujarra:<\/strong> Coraz\u00f3n del gobierno y arquitectura moderna.<\/li>\n<li>\ud83c\udfe1 <strong>Pueblito Paisa:<\/strong> Una encantadora r\u00e9plica de un pueblo tradicional antioque\u00f1o.<\/li>\n<li>\ud83d\udea1 <strong>Metro Cable de la Comuna 13<\/strong> S\u00fabase al metro-cable para ser testigo de la innovaci\u00f3n urbana (billete incluido).<\/li>\n<li>\ud83c\udfa8 <strong>Recorrido por los grafitis:<\/strong> Descubra el vibrante arte callejero de la Comuna 13.<\/li>\n<\/ul>\n<h4>\ud83c\udfad Visitas<\/h4>\n<ul>\n<li>\ud83c\udfe0 <strong>Casa Ne\u00f3n:<\/strong> Un espacio cultural que pone de relieve la expresi\u00f3n art\u00edstica local.<\/li>\n<li>\ud83c\udfa8 <strong>Casa Chota 13:<\/strong> Visita a un conocido grafitero de la Comuna 13.<\/li>\n<li>\ud83c\udfb6 <strong>Demostraciones en directo:<\/strong>\n<ul>\n<li>\ud83c\udfb5 Espect\u00e1culos de danza de m\u00fasica urbana.<\/li>\n<li>\ud83d\udd8c\ufe0f Creaci\u00f3n de arte callejero en directo.<\/li>\n<li>\ud83d\udcf8 Museo de historia fotogr\u00e1fica.<\/li>\n<li>\u2714\ufe0f Degustaci\u00f3n de cocina tradicional de la Comuna 13.<\/li>\n<\/ul>\n<\/li>\n<\/ul>\n<h4>\ud83d\ude97 Otros servicios<\/h4>\n<ul>\n<li>\ud83d\udca7 Hidrataci\u00f3n durante todo el viaje.<\/li>\n<li>\ud83c\udf81 Recuerdos o recuerdos de la experiencia.<\/li>\n<li>\ud83d\udee1\ufe0f Seguro de viaje para su tranquilidad.<\/li>\n<li>\ud83d\udde3\ufe0f Gu\u00eda tur\u00edstico experto biling\u00fce.<\/li>\n<li>\ud83d\ude99 Transporte en veh\u00edculos de lujo tipo furgoneta.<\/li>\n<li>\ud83c\udfe8 Recogida y traslado al hotel.<\/li>\n<\/ul>\n<hr \/>\n<h3>\ud83d\udccc Detalles importantes<\/h3>\n<p><strong>\u23f3 Duraci\u00f3n total:<\/strong> Aproximadamente <strong>De 4 a 5 horas.<\/strong><\/p>\n<p><strong>\u26a0\ufe0f Reserva por persona:<\/strong> Si hay 6 personas, debe a\u00f1adir este producto <strong>6 veces al carrito.<\/strong><\/p>\n<h2 style=\"text-align: center;\">\ud83d\udcf8 Galer\u00eda de im\u00e1genes<\/h2>\n<table align=\"center\">\n<tbody>\n<tr>\n<td align=\"center\"><img decoding=\"async\" src=\"https:\/\/sbbtransport.com\/wp-content\/uploads\/2024\/06\/parques-del-rio.jpg\" alt=\"Image 1\" width=\"400\" \/><\/td>\n<td align=\"center\"><img decoding=\"async\" src=\"https:\/\/sbbtransport.com\/wp-content\/uploads\/2025\/03\/WhatsApp-Image-2025-03-10-at-12.36.36.jpeg\" alt=\"Image 2\" width=\"400\" \/><\/td>\n<td align=\"center\"><img decoding=\"async\" src=\"https:\/\/sbbtransport.com\/wp-content\/uploads\/2024\/06\/escaleras-electricas.jpg\" alt=\"Image 3\" width=\"400\" \/><\/td>\n<\/tr>\n<\/tbody>\n<\/table>\n<p>&nbsp;<\/p>\n<p>\u2728 <strong>\u00a1Reserve ahora y experimente la vibrante cultura de Medell\u00edn con SBB Transporte VIP! \ud83d\ude80<\/strong> \u2728<\/p>\n<\/div>","protected":false},"excerpt":{"rendered":"<p data-start=\"3051\" data-end=\"3134\">\ud83c\udfd9\ufe0f <strong data-start=\"3055\" data-end=\"3132\">\u00a1Descubre la vibrante energ\u00eda de Medell\u00edn con el Tour Ciudad y Comuna 13!<\/strong><\/p>\n<p data-start=\"3136\" data-end=\"3560\">\u2714\ufe0f Transporte en veh\u00edculo VIP con recogida en el hotel.<br data-start=\"3185\" data-end=\"3188\" \/>\u2714\ufe0f Explore lugares emblem\u00e1ticos: Plaza Botero, Parque de las Luces, Comuna 13, Graffiti Tour, y m\u00e1s (incluido).<br data-start=\"3289\" data-end=\"3292\" \/>\u2714\ufe0f Montar en el <strong data-start=\"3304\" data-end=\"3327\">Metro Cable de la Comuna 13<\/strong> para disfrutar de una vista impresionante de la ciudad.<br data-start=\"3364\" data-end=\"3367\" \/>\u2714\ufe0f Danza urbana en directo, demostraciones de arte callejero y experiencias culturales.<br data-start=\"3440\" data-end=\"3443\" \/>\u2714\ufe0f Degustaci\u00f3n de cocina tradicional de la Comuna 13.<br data-start=\"3487\" data-end=\"3490\" \/>\u2714\ufe0f Gu\u00eda tur\u00edstico biling\u00fce y seguro de viaje para su tranquilidad.<\/p>\n<p data-start=\"3562\" data-end=\"3719\">\ud83d\udccc <strong data-start=\"3565\" data-end=\"3579\">IMPORTANTE:<\/strong> Si hay varias personas, debe a\u00f1adir al carrito una reserva por persona. (Ejemplo: Si hay 6 personas, a\u00f1ade el producto 6 veces).<\/p>\n<p data-start=\"3721\" data-end=\"3796\">\ud83c\udf9f\ufe0f <strong data-start=\"3725\" data-end=\"3794\">Reserve hoy mismo y explore la transformaci\u00f3n de Medell\u00edn con nosotros.<\/strong><\/p>","protected":false},"featured_media":1894,"comment_status":"open","ping_status":"closed","template":"","meta":{"_uag_custom_page_level_css":""},"product_brand":[],"product_cat":[41],"product_tag":[],"class_list":{"0":"post-2373","1":"product","2":"type-product","3":"status-publish","4":"has-post-thumbnail","6":"product_cat-group","8":"first","9":"onbackorder","10":"shipping-taxable","11":"purchasable","12":"product-type-variable"},"uagb_featured_image_src":{"full":["https:\/\/sbbtransport.com\/wp-content\/uploads\/2024\/06\/escaleras-electricas.jpg",780,565,false],"thumbnail":["https:\/\/sbbtransport.com\/wp-content\/uploads\/2024\/06\/escaleras-electricas-150x150.jpg",150,150,true],"medium":["https:\/\/sbbtransport.com\/wp-content\/uploads\/2024\/06\/escaleras-electricas-300x217.jpg",300,217,true],"medium_large":["https:\/\/sbbtransport.com\/wp-content\/uploads\/2024\/06\/escaleras-electricas-768x556.jpg",768,556,true],"large":["https:\/\/sbbtransport.com\/wp-content\/uploads\/2024\/06\/escaleras-electricas.jpg",780,565,false],"1536x1536":["https:\/\/sbbtransport.com\/wp-content\/uploads\/2024\/06\/escaleras-electricas.jpg",780,565,false],"2048x2048":["https:\/\/sbbtransport.com\/wp-content\/uploads\/2024\/06\/escaleras-electricas.jpg",780,565,false],"trp-custom-language-flag":["https:\/\/sbbtransport.com\/wp-content\/uploads\/2024\/06\/escaleras-electricas.jpg",18,12,false],"woocommerce_archive_thumbnail":["https:\/\/sbbtransport.com\/wp-content\/uploads\/2024\/06\/escaleras-electricas-500x500.jpg",500,500,true],"woocommerce_thumbnail":["https:\/\/sbbtransport.com\/wp-content\/uploads\/2024\/06\/escaleras-electricas-300x300.jpg",300,300,true],"woocommerce_single":["https:\/\/sbbtransport.com\/wp-content\/uploads\/2024\/06\/escaleras-electricas-600x435.jpg",600,435,true],"woocommerce_gallery_thumbnail":["https:\/\/sbbtransport.com\/wp-content\/uploads\/2024\/06\/escaleras-electricas-100x100.jpg",100,100,true]},"uagb_author_info":{"display_name":"Pabloskt","author_link":"https:\/\/sbbtransport.com\/es\/author\/"},"uagb_comment_info":0,"uagb_excerpt":"\ud83c\udfd9\ufe0f Discover the vibrant energy of Medell\u00edn with the City and Comuna 13 Tour! \u2714\ufe0f VIP vehicle transportation with hotel pick-up.\u2714\ufe0f Explore iconic sites: Botero Plaza, Park of Lights, Comuna 13, Graffiti Tour, and more (included).\u2714\ufe0f Ride the Comuna 13 Cable Car for a breathtaking view of the city.\u2714\ufe0f Live urban dance, street art demonstrations,&hellip;","_links":{"self":[{"href":"https:\/\/sbbtransport.com\/es\/wp-json\/wp\/v2\/product\/2373","targetHints":{"allow":["GET"]}}],"collection":[{"href":"https:\/\/sbbtransport.com\/es\/wp-json\/wp\/v2\/product"}],"about":[{"href":"https:\/\/sbbtransport.com\/es\/wp-json\/wp\/v2\/types\/product"}],"replies":[{"embeddable":true,"href":"https:\/\/sbbtransport.com\/es\/wp-json\/wp\/v2\/comments?post=2373"}],"wp:featuredmedia":[{"embeddable":true,"href":"https:\/\/sbbtransport.com\/es\/wp-json\/wp\/v2\/media\/1894"}],"wp:attachment":[{"href":"https:\/\/sbbtransport.com\/es\/wp-json\/wp\/v2\/media?parent=2373"}],"wp:term":[{"taxonomy":"product_brand","embeddable":true,"href":"https:\/\/sbbtransport.com\/es\/wp-json\/wp\/v2\/product_brand?post=2373"},{"taxonomy":"product_cat","embeddable":true,"href":"https:\/\/sbbtransport.com\/es\/wp-json\/wp\/v2\/product_cat?post=2373"},{"taxonomy":"product_tag","embeddable":true,"href":"https:\/\/sbbtransport.com\/es\/wp-json\/wp\/v2\/product_tag?post=2373"}],"curies":[{"name":"wp","href":"https:\/\/api.w.org\/{rel}","templated":true}]}}